{"id":440,"date":"2026-08-25T00:30:18","date_gmt":"2026-08-24T22:30:18","guid":{"rendered":"https:\/\/umbb.univ-boumerdes.dz\/?page_id=440"},"modified":"2026-08-25T00:32:29","modified_gmt":"2026-08-24T22:32:29","slug":"reglement-des-etudes","status":"publish","type":"page","link":"https:\/\/umbb.univ-boumerdes.dz\/ar\/formation\/reglement-des-etudes\/","title":{"rendered":"R\u00e8glement des \u00e9tudes"},"content":{"rendered":"<p class=\"wp-block-paragraph\">Le pr\u00e9sent r\u00e8glement fixe les r\u00e8gles d\u2019organisation des \u00e9tudes de Licence et de Master \u00e0 l\u2019Universit\u00e9 M\u2019Hamed Bougara de Boumerd\u00e8s. Il compte 99 articles r\u00e9partis en douze chapitres.<\/p>\n\n\n\n<blockquote class=\"wp-block-quote umbb-info-box is-layout-flow wp-block-quote-is-layout-flow\"><p><strong>Entr\u00e9e en vigueur<\/strong><\/p><p>Le r\u00e8glement prend effet \u00e0 partir de l\u2019ann\u00e9e universitaire 2013-2014. Ses dispositions s\u2019appliquent aux \u00e9tudiants inscrits ou r\u00e9inscrits r\u00e9guli\u00e8rement dans les cursus de Licence et de Master.<\/p><p>Il ne peut \u00eatre modifi\u00e9 qu\u2019apr\u00e8s approbation du conseil scientifique de l\u2019universit\u00e9.<\/p><\/blockquote>\n\n\n\n<ul class=\"wp-block-list\"><li><a href=\"#inscription\">Inscription et r\u00e9inscription<\/a><\/li><li><a href=\"#enseignements\">Organisation des enseignements<\/a><\/li><li><a href=\"#evaluation\">\u00c9valuation et contr\u00f4le des connaissances<\/a><\/li><li><a href=\"#progression\">Progression dans les \u00e9tudes<\/a><\/li><li><a href=\"#assiduite\">Assiduit\u00e9<\/a><\/li><li><a href=\"#suivi\">Suivi des enseignements<\/a><\/li><li><a href=\"#jury\">Jury de d\u00e9lib\u00e9ration<\/a><\/li><li><a href=\"#classement\">Classement et orientation<\/a><\/li><li><a href=\"#tutorat\">Tutorat, projet tuteur\u00e9 et projet de fin d\u2019\u00e9tudes<\/a><\/li><li><a href=\"#diplome\">Dipl\u00f4me et majors de promotion<\/a><\/li><li><a href=\"#discipline\">Discipline g\u00e9n\u00e9rale<\/a><\/li><li><a href=\"#final\">Dispositions finales<\/a><\/li><\/ul>\n\n\n\n<h2 class=\"wp-block-heading\" id=\"inscription\">Inscription et r\u00e9inscription<\/h2>\n\n\n\n<p class=\"wp-block-paragraph\"><strong>Article 1.<\/strong> Le nouveau bachelier s\u2019inscrit dans un domaine de son choix, en fonction des conditions d\u2019inscription contenues dans la circulaire annuelle d\u2019inscription.<\/p>\n\n\n\n<p class=\"wp-block-paragraph\"><strong>Article 2.<\/strong> L\u2019\u00e9tudiant ne peut suivre les enseignements que s\u2019il est r\u00e9guli\u00e8rement inscrit.<\/p>\n\n\n\n<p class=\"wp-block-paragraph\"><strong>Article 3.<\/strong> L\u2019inscription aux \u00e9tudes universitaires en vue de l\u2019obtention du dipl\u00f4me de licence est ouverte aux titulaires du baccalaur\u00e9at ou d\u2019un dipl\u00f4me \u00e9tranger reconnu \u00e9quivalent. L\u2019\u00e9tudiant titulaire de plusieurs baccalaur\u00e9ats ne peut b\u00e9n\u00e9ficier que d\u2019une seule inscription universitaire au niveau national.<\/p>\n\n\n\n<p class=\"wp-block-paragraph\">Les conditions d\u2019inscription aux domaines de formation de licence et de master sont fix\u00e9es chaque ann\u00e9e universitaire par le ministre charg\u00e9 de l\u2019enseignement sup\u00e9rieur. L\u2019inscription et la r\u00e9inscription sont prises par ann\u00e9e universitaire. L\u2019\u00e9tudiant doit s\u2019acquitter des droits d\u2019inscription administrative au titre de chaque ann\u00e9e.<\/p>\n\n\n\n<p class=\"wp-block-paragraph\"><strong>Article 4.<\/strong> L\u2019original de l\u2019attestation provisoire du baccalaur\u00e9at, ou d\u2019un dipl\u00f4me \u00e9tranger reconnu \u00e9quivalent, constitue une pi\u00e8ce obligatoire du dossier d\u2019inscription.<\/p>\n\n\n\n<ul class=\"wp-block-list\"><li>Il est estampill\u00e9 au verso, avec mention de la date d\u2019inscription dans l\u2019\u00e9tablissement.<\/li><li>Il ne peut \u00eatre retir\u00e9 qu\u2019une fois les \u00e9tudes termin\u00e9es et le dipl\u00f4me d\u00e9finitif \u00e9tabli, ou \u00e0 la suite d\u2019un abandon ou d\u2019une interruption volontaire, \u00e0 la demande de l\u2019\u00e9tudiant et contre d\u00e9charge.<\/li><li>En cas de suspension ou d\u2019abandon avec retrait de l\u2019original, la mention d\u2019annulation d\u2019inscription est port\u00e9e obligatoirement au verso.<\/li><\/ul>\n\n\n\n<p class=\"wp-block-paragraph\"><strong>Article 5.<\/strong> Lors de son inscription d\u00e9finitive, il est d\u00e9livr\u00e9 \u00e0 l\u2019\u00e9tudiant un certificat de scolarit\u00e9 et une carte d\u2019\u00e9tudiant, qui peut \u00eatre r\u00e9clam\u00e9e \u00e0 tout moment au sein de l\u2019\u00e9tablissement, particuli\u00e8rement lors des examens.<\/p>\n\n\n\n<p class=\"wp-block-paragraph\">Ces documents sont personnels. En cas de perte ou de destruction, une d\u00e9claration de perte \u00e9tablie par la police ou la gendarmerie est n\u00e9cessaire pour obtenir un duplicata, qui ne peut en aucun cas \u00eatre renouvel\u00e9.<\/p>\n\n\n\n<h3 class=\"wp-block-heading\">Du cong\u00e9 acad\u00e9mique<\/h3>\n\n\n\n<p class=\"wp-block-paragraph\"><strong>Article 6.<\/strong> L\u2019\u00e9tudiant peut suspendre son inscription pour les raisons exceptionnelles suivantes :<\/p>\n\n\n\n<ul class=\"wp-block-list\"><li>Maladie chronique invalidante<\/li><li>Maternit\u00e9<\/li><li>Maladie de longue dur\u00e9e<\/li><li>Service national<\/li><li>Obligations familiales \u2014 ascendants ou descendants, d\u00e9placement du conjoint ou des parents li\u00e9 \u00e0 la fonction<\/li><\/ul>\n\n\n\n<p class=\"wp-block-paragraph\">Une attestation de cong\u00e9 acad\u00e9mique lui est obligatoirement d\u00e9livr\u00e9e par l\u2019autorit\u00e9 comp\u00e9tente. La demande motiv\u00e9e doit \u00eatre d\u00e9pos\u00e9e aupr\u00e8s des services de la p\u00e9dagogie de la structure de rattachement, sauf force majeure, <strong>avant les premiers examens<\/strong>.<\/p>\n\n\n\n<p class=\"wp-block-paragraph\"><strong>Le cong\u00e9 acad\u00e9mique ne peut \u00eatre accord\u00e9 qu\u2019une seule fois au cours du cursus.<\/strong> \u00c0 l\u2019issue d\u2019un cong\u00e9 pour raison m\u00e9dicale, la r\u00e9int\u00e9gration est conditionn\u00e9e par l\u2019avis d\u2019un expert m\u00e9dical d\u00e9sign\u00e9 par l\u2019\u00e9tablissement.<\/p>\n\n\n\n<h3 class=\"wp-block-heading\">De l\u2019abandon des \u00e9tudes et de la r\u00e9int\u00e9gration<\/h3>\n\n\n\n<p class=\"wp-block-paragraph\"><strong>Article 7.<\/strong> Un \u00e9tudiant r\u00e9guli\u00e8rement inscrit est d\u00e9clar\u00e9 en abandon d\u2019\u00e9tudes par le chef de d\u00e9partement s\u2019il ne se pr\u00e9sente \u00e0 aucun enseignement \u2014 cours, travaux dirig\u00e9s, travaux pratiques ou stage \u2014 durant un semestre. Il est alors consid\u00e9r\u00e9 comme exclu au titre de l\u2019ann\u00e9e universitaire.<\/p>\n\n\n\n<p class=\"wp-block-paragraph\"><strong>Article 8.<\/strong> En cas d\u2019abandon ou d\u2019exclusion, <strong>une seule autorisation de r\u00e9int\u00e9gration<\/strong> est accord\u00e9e durant le cursus, apr\u00e8s \u00e9tude du dossier par les structures concern\u00e9es et selon les places p\u00e9dagogiques disponibles.<\/p>\n\n\n\n<h2 class=\"wp-block-heading\" id=\"enseignements\">Organisation des enseignements<\/h2>\n\n\n\n<p class=\"wp-block-paragraph\"><strong>Article 9.<\/strong> La formation en vue de l\u2019obtention du dipl\u00f4me de licence ou de master est organis\u00e9e par domaines de formation, fili\u00e8res et sp\u00e9cialit\u00e9s, et propos\u00e9e sous forme de parcours types.<\/p>\n\n\n\n<p class=\"wp-block-paragraph\"><strong>Article 10.<\/strong> Un parcours de formation est un ensemble coh\u00e9rent d\u2019unit\u00e9s d\u2019enseignement constituant un cycle de formation. Le parcours type est d\u00e9fini par l\u2019\u00e9quipe de formation dans l\u2019offre de formation.<\/p>\n\n\n\n<p class=\"wp-block-paragraph\"><strong>Article 11.<\/strong> Les enseignements dans un parcours sont organis\u00e9s en semestres d\u2019\u00e9tudes comprenant des unit\u00e9s d\u2019enseignement.<\/p>\n\n\n\n<p class=\"wp-block-paragraph\"><strong>Article 12.<\/strong> Chaque semestre comprend des unit\u00e9s d\u2019enseignement. Une UE peut \u00eatre fondamentale, m\u00e9thodologique, de d\u00e9couverte ou de culture g\u00e9n\u00e9rale.<\/p>\n\n\n\n<p class=\"wp-block-paragraph\"><strong>Article 13.<\/strong> L\u2019unit\u00e9 d\u2019enseignement, telle que d\u00e9finie par l\u2019article 3 du d\u00e9cret ex\u00e9cutif n\u00b0 08-265 du 19 ao\u00fbt 2008, est constitu\u00e9e d\u2019une ou plusieurs mati\u00e8res dispens\u00e9es sous toutes formes d\u2019enseignement : cours, travaux dirig\u00e9s, travaux pratiques, conf\u00e9rences, s\u00e9minaires, projets, stages. Une UE peut \u00eatre obligatoire ou optionnelle.<\/p>\n\n\n\n<p class=\"wp-block-paragraph\"><strong>Article 14.<\/strong> Une mati\u00e8re peut \u00eatre :<\/p>\n\n\n\n<ul class=\"wp-block-list\"><li>Une mati\u00e8re enseign\u00e9e tout au long du semestre sous forme de cours magistraux, de travaux dirig\u00e9s ou de travaux pratiques<\/li><li>Une entit\u00e9 relative \u00e0 une activit\u00e9 pratique li\u00e9e \u00e0 une mati\u00e8re : travail personnel, stages, projets d\u2019\u00e9tudes<\/li><\/ul>\n\n\n\n<p class=\"wp-block-paragraph\"><strong>Article 15.<\/strong> Une mati\u00e8re est dot\u00e9e d\u2019un volume horaire, d\u2019une valeur en cr\u00e9dits et d\u2019un coefficient. <strong>Un cr\u00e9dit \u00e9quivaut \u00e0 un volume horaire de 20 \u00e0 25 heures par semestre<\/strong>, englobant les heures d\u2019enseignement dispens\u00e9es et les heures estim\u00e9es de travail personnel.<\/p>\n\n\n\n<p class=\"wp-block-paragraph\"><strong>Article 16.<\/strong> Une UE dispose d\u2019une valeur en cr\u00e9dits et d\u2019un coefficient. Sa valeur en cr\u00e9dits est la somme des valeurs en cr\u00e9dits de ses mati\u00e8res.<\/p>\n\n\n\n<p class=\"wp-block-paragraph\"><strong>Article 17.<\/strong> Un semestre d\u2019\u00e9tudes correspond \u00e0 <strong>30 cr\u00e9dits<\/strong>. La Licence est organis\u00e9e en six semestres, soit 180 cr\u00e9dits. Le Master est organis\u00e9 en quatre semestres apr\u00e8s la licence, soit 120 cr\u00e9dits.<\/p>\n\n\n\n<h2 class=\"wp-block-heading\" id=\"evaluation\">\u00c9valuation et contr\u00f4le des connaissances<\/h2>\n\n\n\n<p class=\"wp-block-paragraph\"><strong>Article 18.<\/strong> Le planning des examens doit \u00eatre port\u00e9 en d\u00e9but de semestre \u00e0 la connaissance des \u00e9tudiants, par voie d\u2019affichage ou tout autre support.<\/p>\n\n\n\n<p class=\"wp-block-paragraph\"><strong>Article 19.<\/strong> Aucun \u00e9tudiant n\u2019est autoris\u00e9 \u00e0 participer \u00e0 une \u00e9preuve s\u2019il n\u2019est pas inscrit sur les listes officielles de l\u2019\u00e9tablissement, ou s\u2019il arrive trente minutes apr\u00e8s la distribution des sujets.<\/p>\n\n\n\n<ul class=\"wp-block-list\"><li>Au d\u00e9but des \u00e9preuves, les surveillants effectuent un contr\u00f4le strict de l\u2019identit\u00e9 des \u00e9tudiants et les font \u00e9marger sur la liste de pr\u00e9sence.<\/li><li>Aucun \u00e9tudiant n\u2019est autoris\u00e9 \u00e0 quitter le lieu d\u2019examen avant la fin de la premi\u00e8re demi-heure suivant la remise des sujets. Une sortie momentan\u00e9e exceptionnelle se fait accompagn\u00e9 par un surveillant.<\/li><li>\u00c0 la fin de l\u2019\u00e9preuve, l\u2019\u00e9tudiant doit obligatoirement remettre sa copie, <strong>m\u00eame vierge<\/strong>.<\/li><li>L\u2019\u00e9tudiant doit se munir du mat\u00e9riel n\u00e9cessaire. Il lui est interdit d\u2019emprunter du mat\u00e9riel aupr\u00e8s d\u2019autres \u00e9tudiants sans autorisation pr\u00e9alable.<\/li><li>L\u2019usage des t\u00e9l\u00e9phones portables et de tout mat\u00e9riel programmable ou d\u2019\u00e9coute est <strong>strictement interdit<\/strong> pendant toute la dur\u00e9e de l\u2019\u00e9preuve.<\/li><\/ul>\n\n\n\n<p class=\"wp-block-paragraph\">En cas de fraude ou de tentative de fraude, le surveillant mentionne l\u2019incident sur le proc\u00e8s-verbal de l\u2019examen et d\u00e9pose un rapport circonstanci\u00e9 au secr\u00e9tariat de la direction des \u00e9tudes, au plus tard 24 heures apr\u00e8s l\u2019infraction. Toute fraude conduit automatiquement \u00e0 une traduction devant le conseil de discipline.<\/p>\n\n\n\n<p class=\"wp-block-paragraph\">\u00c0 la fin de l\u2019\u00e9preuve, les surveillants comptent les copies remises et confrontent ce nombre au relev\u00e9 de pr\u00e9sence. Toute anomalie est mentionn\u00e9e sur le proc\u00e8s-verbal et signal\u00e9e aussit\u00f4t aux services concern\u00e9s.<\/p>\n\n\n\n<p class=\"wp-block-paragraph\"><strong>Article 20.<\/strong> Apr\u00e8s chaque examen, l\u2019enseignant responsable de la mati\u00e8re affiche le corrig\u00e9 type et le bar\u00e8me d\u00e9taill\u00e9 de notation. Toutes les notes doivent \u00eatre affich\u00e9es avant les d\u00e9lib\u00e9rations, afin que toute erreur de report ou de calcul soit signal\u00e9e et corrig\u00e9e.<\/p>\n\n\n\n<p class=\"wp-block-paragraph\"><strong>Article 21.<\/strong> L\u2019\u00e9tudiant a droit \u00e0 la consultation de ses copies d\u2019examen apr\u00e8s chaque \u00e9preuve. <strong>Les examens de rattrapage n\u2019ouvrent pas droit \u00e0 la consultation.<\/strong><\/p>\n\n\n\n<p class=\"wp-block-paragraph\">L\u2019\u00e9tudiant non satisfait de sa note peut introduire un recours au plus tard dans les deux jours ouvrables apr\u00e8s la date de consultation. Pass\u00e9 ce d\u00e9lai, aucun recours n\u2019est accept\u00e9. Le traitement du recours peut donner lieu \u00e0 une contre-correction.<\/p>\n\n\n\n<p class=\"wp-block-paragraph\"><strong>Article 22.<\/strong> L\u2019\u00e9valuation d\u2019une mati\u00e8re est appr\u00e9ci\u00e9e semestriellement par la moyenne :<\/p>\n\n\n\n<ul class=\"wp-block-list\"><li>De l\u2019<strong>examen final<\/strong>, coefficient 2, organis\u00e9 \u00e0 la fin de chaque semestre \u2014 premi\u00e8re session<\/li><li>Du <strong>contr\u00f4le continu<\/strong>, coefficient 1 : expos\u00e9, interrogations \u00e9crites, devoirs, travail personnel, stage<\/li><li>De la <strong>note de travaux pratiques<\/strong>, coefficient 1, moyenne des tests et des comptes rendus<\/li><\/ul>\n\n\n\n<p class=\"wp-block-paragraph\"><strong>Article 23.<\/strong> L\u2019UE est d\u00e9finitivement acquise pour tout \u00e9tudiant ayant acquis toutes les mati\u00e8res qui la composent. Une mati\u00e8re est acquise si la note obtenue est <strong>\u00e9gale ou sup\u00e9rieure \u00e0 10\/20<\/strong>.<\/p>\n\n\n\n<p class=\"wp-block-paragraph\">L\u2019UE est \u00e9galement acquise par compensation si la moyenne des notes de ses mati\u00e8res, pond\u00e9r\u00e9es de leurs coefficients, est \u00e9gale ou sup\u00e9rieure \u00e0 10\/20. Les cr\u00e9dits acquis sont capitalisables au sein du m\u00eame parcours et transf\u00e9rables dans tout autre parcours comprenant ladite unit\u00e9.<\/p>\n\n\n\n<p class=\"wp-block-paragraph\"><strong>L\u2019exclusion d\u2019une mati\u00e8re composant une UE ne permet pas l\u2019acquisition de cette UE par compensation.<\/strong><\/p>\n\n\n\n<p class=\"wp-block-paragraph\"><strong>Article 24.<\/strong> La moyenne g\u00e9n\u00e9rale du semestre est calcul\u00e9e sur la base des moyennes obtenues aux UE, pond\u00e9r\u00e9es par leurs coefficients respectifs. Le semestre est acquis pour tout \u00e9tudiant ayant obtenu l\u2019ensemble des UE qui le composent.<\/p>\n\n\n\n<p class=\"wp-block-paragraph\">Le semestre peut \u00e9galement \u00eatre acquis par compensation entre les diff\u00e9rentes unit\u00e9s : il l\u2019est si la moyenne g\u00e9n\u00e9rale est \u00e9gale ou sup\u00e9rieure \u00e0 10\/20, ce qui emporte l\u2019acquisition des trente cr\u00e9dits. <strong>L\u2019exclusion d\u2019une mati\u00e8re ou d\u2019une UE ne permet pas la compensation.<\/strong><\/p>\n\n\n\n<p class=\"wp-block-paragraph\"><strong>Article 25.<\/strong> En cas d\u2019\u00e9chec \u00e0 la premi\u00e8re session, l\u2019\u00e9tudiant se pr\u00e9sente \u00e0 la session de rattrapage aux \u00e9preuves des unit\u00e9s non acquises, en gardant le b\u00e9n\u00e9fice des mati\u00e8res acquises.<\/p>\n\n\n\n<p class=\"wp-block-paragraph\">Dans le cas d\u2019une UE acquise par compensation, l\u2019\u00e9tudiant peut \u00eatre autoris\u00e9 \u00e0 se pr\u00e9senter en rattrapage aux mati\u00e8res non acquises de cette unit\u00e9.<\/p>\n\n\n\n<p class=\"wp-block-paragraph\"><strong>Article 26.<\/strong> Lors de la session de rattrapage, la note de chaque mati\u00e8re est d\u00e9termin\u00e9e sur la base de la note obtenue \u00e0 l\u2019\u00e9preuve de rattrapage, selon les modalit\u00e9s de l\u2019article 19 de l\u2019arr\u00eat\u00e9 n\u00b0 712 du 3 novembre 2011. <strong>La note finale retenue est la meilleure des moyennes entre la premi\u00e8re session et le rattrapage.<\/strong><\/p>\n\n\n\n<p class=\"wp-block-paragraph\"><strong>Article 27.<\/strong> \u00c0 l\u2019issue du rattrapage, l\u2019UE et le semestre sont acquis selon les m\u00eames dispositions. Si une UE n\u2019est pas acquise, les cr\u00e9dits affect\u00e9s aux mati\u00e8res acquises qui la composent restent capitalisables.<\/p>\n\n\n\n<p class=\"wp-block-paragraph\"><strong>Article 28.<\/strong> La compensation s\u2019applique :<\/p>\n\n\n\n<ul class=\"wp-block-list\"><li><strong>\u00c0 l\u2019unit\u00e9 d\u2019enseignement<\/strong> \u2014 par la moyenne des notes de ses mati\u00e8res, affect\u00e9es de leurs coefficients. L\u2019UE acquise emporte ses cr\u00e9dits.<\/li><li><strong>Au semestre<\/strong> \u2014 par la moyenne des notes des UE qui le composent. Le semestre acquis emporte ses trente cr\u00e9dits.<\/li><li><strong>\u00c0 l\u2019ann\u00e9e<\/strong> (L1, L2, L3) \u2014 par la moyenne des notes des unit\u00e9s qui la composent. L\u2019ann\u00e9e acquise emporte ses soixante cr\u00e9dits.<\/li><\/ul>\n\n\n\n<h2 class=\"wp-block-heading\" id=\"progression\">Progression dans les \u00e9tudes<\/h2>\n\n\n\n<p class=\"wp-block-paragraph\"><strong>Article 29.<\/strong> Le passage du premier au second semestre d\u2019une m\u00eame ann\u00e9e universitaire, dans un m\u00eame parcours, est de droit pour tout \u00e9tudiant r\u00e9guli\u00e8rement inscrit.<\/p>\n\n\n\n<h3 class=\"wp-block-heading\">Progression en Licence<\/h3>\n\n\n\n<p class=\"wp-block-paragraph\"><strong>Article 30.<\/strong> Le passage de la premi\u00e8re \u00e0 la deuxi\u00e8me ann\u00e9e est acquis si l\u2019\u00e9tudiant a obtenu les deux premiers semestres, avec ou sans compensation. Il est toutefois autoris\u00e9 pour tout \u00e9tudiant ayant valid\u00e9 au minimum <strong>30 cr\u00e9dits<\/strong>, avec une r\u00e9partition minimale d\u2019un tiers dans un semestre et deux tiers dans l\u2019autre.<\/p>\n\n\n\n<p class=\"wp-block-paragraph\"><strong>Article 31.<\/strong> Le passage de la deuxi\u00e8me \u00e0 la troisi\u00e8me ann\u00e9e est acquis si l\u2019\u00e9tudiant a obtenu les quatre premiers semestres, avec ou sans compensation. Il est toutefois autoris\u00e9 pour tout \u00e9tudiant ayant valid\u00e9 au minimum <strong>90 cr\u00e9dits<\/strong> et acquis les unit\u00e9s fondamentales requises \u00e0 la poursuite des \u00e9tudes en sp\u00e9cialit\u00e9.<\/p>\n\n\n\n<p class=\"wp-block-paragraph\"><strong>Article 32.<\/strong> L\u2019\u00e9tudiant autoris\u00e9 \u00e0 progresser peut garder le b\u00e9n\u00e9fice des mati\u00e8res acquises. L\u2019obligation ou la dispense de suivre les enseignements des mati\u00e8res non acquises rel\u00e8ve des pr\u00e9rogatives de l\u2019\u00e9quipe de formation.<\/p>\n\n\n\n<p class=\"wp-block-paragraph\"><strong>Article 33.<\/strong> L\u2019\u00e9tudiant non admis \u00e0 progresser est, selon le cas, autoris\u00e9 \u00e0 se r\u00e9inscrire dans le m\u00eame parcours ou orient\u00e9 vers un autre parcours.<\/p>\n\n\n\n<p class=\"wp-block-paragraph\"><strong>L\u2019\u00e9tudiant inscrit en licence ne peut y s\u00e9journer plus de cinq ann\u00e9es<\/strong>, m\u00eame en cas de r\u00e9orientation. L\u2019\u00e9tudiant ayant acquis 120 cr\u00e9dits ou plus peut \u00eatre autoris\u00e9 exceptionnellement \u00e0 se r\u00e9inscrire pour une ann\u00e9e suppl\u00e9mentaire.<\/p>\n\n\n\n<h3 class=\"wp-block-heading\">Progression en Master<\/h3>\n\n\n\n<p class=\"wp-block-paragraph\"><strong>Article 34.<\/strong> Le passage de la premi\u00e8re \u00e0 la deuxi\u00e8me ann\u00e9e est de droit si l\u2019\u00e9tudiant a acquis les deux premiers semestres. Il est toutefois autoris\u00e9 pour tout \u00e9tudiant ayant valid\u00e9 au minimum <strong>45 cr\u00e9dits<\/strong> et acquis les unit\u00e9s requises \u00e0 la poursuite des \u00e9tudes en sp\u00e9cialit\u00e9.<\/p>\n\n\n\n<p class=\"wp-block-paragraph\"><strong>Article 35.<\/strong> L\u2019\u00e9tudiant autoris\u00e9 \u00e0 progresser peut garder le b\u00e9n\u00e9fice des mati\u00e8res acquises, dans les m\u00eames conditions qu\u2019en licence.<\/p>\n\n\n\n<p class=\"wp-block-paragraph\"><strong>Article 36.<\/strong> L\u2019\u00e9tudiant non admis \u00e0 progresser est, selon le cas, autoris\u00e9 \u00e0 se r\u00e9inscrire dans le m\u00eame parcours ou orient\u00e9 vers un autre parcours. <strong>En aucun cas l\u2019\u00e9tudiant inscrit en master ne peut y s\u00e9journer plus de trois ann\u00e9es.<\/strong><\/p>\n\n\n\n<h2 class=\"wp-block-heading\" id=\"assiduite\">Assiduit\u00e9<\/h2>\n\n\n\n<p class=\"wp-block-paragraph\"><strong>Article 38.<\/strong> L\u2019assiduit\u00e9 aux travaux dirig\u00e9s et aux travaux pratiques est obligatoire tout au long du semestre.<\/p>\n\n\n\n<p class=\"wp-block-paragraph\"><strong>Article 39.<\/strong> L\u2019assiduit\u00e9 est contr\u00f4l\u00e9e par l\u2019enseignant et intervient dans le calcul de la moyenne du contr\u00f4le continu.<\/p>\n\n\n\n<ul class=\"wp-block-list\"><li><strong>Trois absences non justifi\u00e9es<\/strong> ou <strong>cinq absences m\u00eame justifi\u00e9es<\/strong> aux s\u00e9ances de travaux dirig\u00e9s d\u2019une mati\u00e8re entra\u00eenent l\u2019exclusion de la mati\u00e8re au titre du semestre.<\/li><li>L\u2019absence justifi\u00e9e \u00e0 une s\u00e9ance de travaux pratiques ouvre droit \u00e0 une s\u00e9ance de remplacement durant le semestre, si les conditions le permettent.<\/li><li>L\u2019absence non justifi\u00e9e \u00e0 une s\u00e9ance de travaux pratiques est sanctionn\u00e9e par la note z\u00e9ro, sans s\u00e9ance de remplacement.<\/li><li>Les absences non justifi\u00e9es \u00e0 plus du tiers des s\u00e9ances de travaux pratiques entra\u00eenent l\u2019exclusion de la mati\u00e8re au titre du semestre.<\/li><\/ul>\n\n\n\n<p class=\"wp-block-paragraph\"><strong>Article 40.<\/strong> Toute absence doit \u00eatre justifi\u00e9e dans un d\u00e9lai n\u2019exc\u00e9dant pas <strong>72 heures<\/strong>, soit trois jours ouvrables.<\/p>\n\n\n\n<p class=\"wp-block-paragraph\"><strong>Article 41.<\/strong> Dans le cadre du contr\u00f4le continu et des travaux pratiques, seule une absence justifi\u00e9e est tol\u00e9r\u00e9e. La moyenne est alors calcul\u00e9e sur la base des tests et \u00e9valuations effectu\u00e9s. <strong>Aucun rattrapage ne peut \u00eatre effectu\u00e9 dans le cadre du contr\u00f4le continu.<\/strong><\/p>\n\n\n\n<p class=\"wp-block-paragraph\"><strong>Article 42.<\/strong> L\u2019absence justifi\u00e9e \u00e0 un examen final ouvre droit \u00e0 un examen de remplacement. L\u2019absence non justifi\u00e9e est sanctionn\u00e9e par la note z\u00e9ro, sans examen de remplacement. La justification doit parvenir au d\u00e9partement dans les trois jours ouvrables suivant la date de l\u2019examen.<\/p>\n\n\n\n<p class=\"wp-block-paragraph\"><strong>Article 43.<\/strong> Cas d\u2019absences justifi\u00e9es :<\/p>\n\n\n\n<ul class=\"wp-block-list\"><li><strong>D\u00e9c\u00e8s<\/strong> d\u2019ascendants, descendants ou collat\u00e9raux \u2014 acte de d\u00e9c\u00e8s, 3 jours<\/li><li><strong>Mariage<\/strong> de l\u2019int\u00e9ress\u00e9 \u2014 acte de mariage, 3 jours<\/li><li><strong>Paternit\u00e9 ou maternit\u00e9<\/strong> \u2014 certificat d\u2019accouchement, 3 jours pour le p\u00e8re, selon certificat m\u00e9dical pour la m\u00e8re<\/li><li><strong>Hospitalisation<\/strong> \u2014 certificat d\u2019hospitalisation, dur\u00e9e selon l\u2019hospitalisation<\/li><li><strong>Maladie<\/strong> \u2014 certificat m\u00e9dical d\u00e9livr\u00e9 par un m\u00e9decin asserment\u00e9, dur\u00e9e selon l\u2019arr\u00eat<\/li><li><strong>R\u00e9quisition ou convocation officielle<\/strong> d\u00e9livr\u00e9e par l\u2019autorit\u00e9 comp\u00e9tente, dur\u00e9e selon l\u2019activit\u00e9<\/li><li>Autres cas d\u2019emp\u00eachement majeur d\u00fbment justifi\u00e9s<\/li><\/ul>\n\n\n\n<h2 class=\"wp-block-heading\" id=\"suivi\">Suivi des enseignements<\/h2>\n\n\n\n<p class=\"wp-block-paragraph\"><strong>Article 44.<\/strong> Les comit\u00e9s p\u00e9dagogiques par mati\u00e8re et par unit\u00e9 d\u2019enseignement, ainsi que l\u2019\u00e9quipe de formation par parcours, assurent le suivi des enseignements.<\/p>\n\n\n\n<p class=\"wp-block-paragraph\"><strong>Article 45.<\/strong> Un <strong>comit\u00e9 p\u00e9dagogique par mati\u00e8re<\/strong> est compos\u00e9 :<\/p>\n\n\n\n<ul class=\"wp-block-list\"><li>D\u2019un responsable de la mati\u00e8re d\u00e9sign\u00e9 par ses pairs, s\u2019il y a plusieurs sections<\/li><li>Des enseignants assurant les cours, les travaux dirig\u00e9s et les travaux pratiques de cette mati\u00e8re<\/li><li>D\u2019un repr\u00e9sentant \u00e9lu des \u00e9tudiants par groupe de travaux dirig\u00e9s ou pratiques<\/li><\/ul>\n\n\n\n<p class=\"wp-block-paragraph\">Un <strong>comit\u00e9 p\u00e9dagogique par unit\u00e9 d\u2019enseignement<\/strong> est compos\u00e9 :<\/p>\n\n\n\n<ul class=\"wp-block-list\"><li>D\u2019un pr\u00e9sident de l\u2019UE d\u00e9sign\u00e9 par ses pairs<\/li><li>Des enseignants assurant les enseignements des mati\u00e8res de cette UE<\/li><li>D\u2019un repr\u00e9sentant \u00e9lu des \u00e9tudiants par groupe de travaux dirig\u00e9s ou pratiques, par mati\u00e8re<\/li><li>D\u2019un repr\u00e9sentant de l\u2019administration p\u00e9dagogique<\/li><\/ul>\n\n\n\n<p class=\"wp-block-paragraph\"><strong>Article 46.<\/strong> Les repr\u00e9sentants des \u00e9tudiants aux comit\u00e9s p\u00e9dagogiques doivent \u00eatre \u00e9lus parmi les \u00e9tudiants dont les performances scolaires et les qualit\u00e9s morales sont av\u00e9r\u00e9es.<\/p>\n\n\n\n<p class=\"wp-block-paragraph\"><strong>Article 47.<\/strong> Une \u00e9quipe de formation est mise en place par parcours. Elle est compos\u00e9e des pr\u00e9sidents d\u2019\u00e9quipes p\u00e9dagogiques d\u2019unit\u00e9s d\u2019enseignement de tout le parcours.<\/p>\n\n\n\n<h2 class=\"wp-block-heading\" id=\"jury\">Jury de d\u00e9lib\u00e9ration<\/h2>\n\n\n\n<p class=\"wp-block-paragraph\"><strong>Article 48.<\/strong> Les d\u00e9lib\u00e9rations sont le lieu privil\u00e9gi\u00e9 de l\u2019\u00e9valuation p\u00e9dagogique des \u00e9tudiants au terme d\u2019un semestre et <strong>doivent demeurer confidentielles<\/strong>. Le jury est souverain ; ses d\u00e9cisions sont prises \u00e0 la majorit\u00e9 simple, la voix de son pr\u00e9sident \u00e9tant pr\u00e9pond\u00e9rante en cas d\u2019\u00e9galit\u00e9.<\/p>\n\n\n\n<p class=\"wp-block-paragraph\"><strong>Article 49.<\/strong> Le jury de d\u00e9lib\u00e9ration de l\u2019unit\u00e9 d\u2019enseignement est organis\u00e9 \u00e0 la fin de chaque session d\u2019examen. Il comprend les enseignants intervenant dans les cours, travaux dirig\u00e9s et travaux pratiques des mati\u00e8res constituant l\u2019UE.<\/p>\n\n\n\n<p class=\"wp-block-paragraph\"><strong>Article 50.<\/strong> Le jury de d\u00e9lib\u00e9ration du semestre est organis\u00e9 \u00e0 la fin de chaque session d\u2019examen. Il comprend les enseignants responsables des UE composant le semestre.<\/p>\n\n\n\n<p class=\"wp-block-paragraph\"><strong>Article 51.<\/strong> La pr\u00e9sence aux d\u00e9lib\u00e9rations de tous les membres du jury est obligatoire.<\/p>\n\n\n\n<p class=\"wp-block-paragraph\"><strong>Article 52.<\/strong> Lors des d\u00e9lib\u00e9rations, les membres du jury ont pour mission de :<\/p>\n\n\n\n<ul class=\"wp-block-list\"><li>Valider la scolarit\u00e9 des \u00e9tudiants et leurs r\u00e9sultats obtenus durant le semestre<\/li><li>Se prononcer sur l\u2019admission, l\u2019ajournement ou l\u2019exclusion dans les mati\u00e8res, les unit\u00e9s d\u2019enseignement et le semestre<\/li><li>Proc\u00e9der, s\u2019il y a lieu, au <strong>rachat<\/strong> des \u00e9tudiants, au cas par cas, en appr\u00e9ciant globalement leur scolarit\u00e9 : assiduit\u00e9, progression p\u00e9dagogique, participation, discipline. La note concern\u00e9e est alors ramen\u00e9e \u00e0 10\/20. <strong>Le rachat n\u2019est pas un droit<\/strong> : il rel\u00e8ve exclusivement des pr\u00e9rogatives du jury.<\/li><li>Proposer, s\u2019il y a lieu, une r\u00e9orientation de l\u2019\u00e9tudiant en situation d\u2019\u00e9chec<\/li><\/ul>\n\n\n\n<p class=\"wp-block-paragraph\">Le jury du dernier semestre d\u2019un cycle valide \u00e9galement l\u2019ensemble de la scolarit\u00e9 des \u00e9tudiants de la promotion et remet au chef d\u2019\u00e9tablissement un proc\u00e8s-verbal portant la liste des laur\u00e9ats, pour la confection et la d\u00e9livrance des attestations provisoires de succ\u00e8s et des dipl\u00f4mes.<\/p>\n\n\n\n<p class=\"wp-block-paragraph\"><strong>Article 53.<\/strong> Apr\u00e8s affichage du proc\u00e8s-verbal des d\u00e9lib\u00e9rations, un d\u00e9lai de <strong>72 heures<\/strong>, soit trois jours ouvrables, est accord\u00e9 aux \u00e9tudiants d\u00e9sireux de formuler un recours, d\u00e9pos\u00e9 aupr\u00e8s des services de la scolarit\u00e9 de rattachement de la mati\u00e8re.<\/p>\n\n\n\n<p class=\"wp-block-paragraph\"><strong>Article 54.<\/strong> Les recours sont trait\u00e9s par la m\u00eame \u00e9quipe, qui en dresse un proc\u00e8s-verbal.<\/p>\n\n\n\n<p class=\"wp-block-paragraph\"><strong>Article 55.<\/strong> Apr\u00e8s traitement des recours, les r\u00e9sultats d\u00e9finitifs et immuables sont port\u00e9s \u00e0 la connaissance des \u00e9tudiants qui en font la demande. Un proc\u00e8s-verbal est \u00e9tabli portant la mention \u00ab PV correctif additif au PV initial \u00bb.<\/p>\n\n\n\n<h2 class=\"wp-block-heading\" id=\"classement\">Classement et orientation<\/h2>\n\n\n\n<p class=\"wp-block-paragraph\"><strong>Article 56.<\/strong> Le classement et l\u2019orientation des \u00e9tudiants sont prononc\u00e9s par une commission de classement et d\u2019orientation. Le classement peut servir \u00e0 la d\u00e9signation des majors de promotion et \u00e0 l\u2019orientation des \u00e9tudiants.<\/p>\n\n\n\n<p class=\"wp-block-paragraph\"><strong>Article 57.<\/strong> La moyenne de classement est la moyenne des moyennes des semestres concern\u00e9s, affect\u00e9es de coefficients correctifs tenant compte des retards cumul\u00e9s, des admissions avec dettes et des admissions apr\u00e8s la session de rattrapage.<\/p>\n\n\n\n<blockquote class=\"wp-block-quote umbb-info-box is-layout-flow wp-block-quote-is-layout-flow\"><p><strong>Formule de calcul<\/strong><\/p><p><strong>MC = MSE \u00d7 (1 \u2212 a (r + d\/2 + s\/4))<\/strong><\/p><p><strong>MC<\/strong> \u2014 moyenne de classement<br><strong>MSE<\/strong> \u2014 moyenne des moyennes de semestre, soit \u2211(MSi)\/n<br><strong>a<\/strong> \u2014 taux d\u2019abattement, estim\u00e9 \u00e0 0,04<br><strong>r<\/strong> \u2014 nombre de redoublements par ann\u00e9e<br><strong>d<\/strong> \u2014 nombre d\u2019admissions avec dettes par ann\u00e9e<br><strong>s<\/strong> \u2014 nombre d\u2019admissions apr\u00e8s la session de rattrapage, par semestre<br><strong>n<\/strong> \u2014 nombre de semestres concern\u00e9s : de 1 \u00e0 6 pour la Licence, de 1 \u00e0 4 pour le Master<\/p><\/blockquote>\n\n\n\n<p class=\"wp-block-paragraph\"><strong>Article 58.<\/strong> \u00c0 l\u2019issue des enseignements communs, l\u2019\u00e9tudiant d\u00e9clar\u00e9 admis est orient\u00e9 vers la sp\u00e9cialit\u00e9 de son choix par la commission, en tenant compte :<\/p>\n\n\n\n<ul class=\"wp-block-list\"><li>De la capacit\u00e9 d\u2019accueil de la sp\u00e9cialit\u00e9 vis\u00e9e<\/li><li>Des conditions propres \u00e0 la sp\u00e9cialit\u00e9 vis\u00e9e<\/li><li>Des r\u00e9sultats de l\u2019\u00e9tudiant depuis sa premi\u00e8re inscription<\/li><\/ul>\n\n\n\n<p class=\"wp-block-paragraph\">Si l\u2019\u00e9tudiant n\u2019est pas admis dans la premi\u00e8re sp\u00e9cialit\u00e9 choisie, la sp\u00e9cialit\u00e9 suivante de la fiche de v\u0153ux est consid\u00e9r\u00e9e, et ainsi de suite.<\/p>\n\n\n\n<p class=\"wp-block-paragraph\"><strong>Article 59.<\/strong> Un \u00e9tudiant peut demander un transfert vers une autre fili\u00e8re de l\u2019universit\u00e9 ou vers une autre universit\u00e9. Sa demande est examin\u00e9e par l\u2019\u00e9quipe de formation du parcours vis\u00e9. <strong>L\u2019avis favorable de la structure d\u2019accueil est requis.<\/strong><\/p>\n\n\n\n<h2 class=\"wp-block-heading\" id=\"tutorat\">Tutorat, projet tuteur\u00e9 et projet de fin d\u2019\u00e9tudes<\/h2>\n\n\n\n<h3 class=\"wp-block-heading\">Le tutorat<\/h3>\n\n\n\n<p class=\"wp-block-paragraph\"><strong>Article 60.<\/strong> Il est institu\u00e9 au sein de l\u2019universit\u00e9 une commission du tutorat, compos\u00e9e :<\/p>\n\n\n\n<ul class=\"wp-block-list\"><li>Du chef de l\u2019\u00e9tablissement<\/li><li>Du vice-recteur charg\u00e9 de la p\u00e9dagogie, ou du directeur des \u00e9tudes charg\u00e9 de la p\u00e9dagogie<\/li><li>Des responsables de domaines<\/li><li>D\u2019enseignants-chercheurs dont la d\u00e9signation est laiss\u00e9e \u00e0 l\u2019appr\u00e9ciation du chef d\u2019\u00e9tablissement<\/li><\/ul>\n\n\n\n<p class=\"wp-block-paragraph\"><strong>Article 61.<\/strong> La commission de tutorat est pr\u00e9sid\u00e9e par le chef de l\u2019\u00e9tablissement. Elle d\u00e9signe en son sein un vice-pr\u00e9sident et un rapporteur.<\/p>\n\n\n\n<p class=\"wp-block-paragraph\"><strong>Article 62.<\/strong> La mission du tutorat rev\u00eat plusieurs aspects :<\/p>\n\n\n\n<ul class=\"wp-block-list\"><li><strong>Informatif et administratif<\/strong> \u2014 accueil, orientation, m\u00e9diation<\/li><li><strong>P\u00e9dagogique<\/strong> \u2014 accompagnement \u00e0 l\u2019apprentissage, organisation du travail personnel, aide \u00e0 la construction du parcours<\/li><li><strong>M\u00e9thodologique<\/strong> \u2014 initiation aux m\u00e9thodes de travail universitaire, \u00e0 titre individuel et en groupe<\/li><li><strong>Technique<\/strong> \u2014 conseils pour l\u2019utilisation des outils et supports p\u00e9dagogiques<\/li><li><strong>Psychologique<\/strong> \u2014 stimulation de l\u2019\u00e9tudiant et de sa motivation \u00e0 poursuivre son parcours<\/li><li><strong>Professionnel<\/strong> \u2014 aide \u00e0 l\u2019\u00e9laboration du projet professionnel<\/li><\/ul>\n\n\n\n<h3 class=\"wp-block-heading\">Projet tuteur\u00e9 et projet de fin d\u2019\u00e9tudes<\/h3>\n\n\n\n<p class=\"wp-block-paragraph\"><strong>Article 63.<\/strong> Tout \u00e9tudiant des fili\u00e8res exigeant un stage de fin d\u2019\u00e9tudes ou un stage tuteur\u00e9 ouvre droit \u00e0 un encadrement pour la r\u00e9alisation de son projet.<\/p>\n\n\n\n<p class=\"wp-block-paragraph\"><strong>Article 64.<\/strong> Le sujet du projet est propos\u00e9 d\u2019un commun accord entre l\u2019\u00e9tudiant, l\u2019enseignant et l\u2019entreprise d\u2019accueil. Il doit ensuite \u00eatre avalis\u00e9 par la commission d\u2019\u00e9valuation des projets de fin d\u2019\u00e9tudes mise en place au sein de chaque d\u00e9partement.<\/p>\n\n\n\n<p class=\"wp-block-paragraph\"><strong>Article 65.<\/strong> L\u2019enseignant promoteur ne peut se soustraire \u00e0 ses obligations d\u2019encadrement que dans le cas d\u2019une d\u00e9faillance ou d\u2019un manque d\u2019assiduit\u00e9 de la part de l\u2019\u00e9tudiant.<\/p>\n\n\n\n<p class=\"wp-block-paragraph\"><strong>Article 67.<\/strong> Le jury de soutenance est compos\u00e9 d\u2019au moins quatre membres :<\/p>\n\n\n\n<ul class=\"wp-block-list\"><li>Un pr\u00e9sident<\/li><li>Deux examinateurs, dont un repr\u00e9sentant de l\u2019entreprise ou de la structure d\u2019accueil s\u2019il y a lieu<\/li><li>Un promoteur, rapporteur<\/li><li>Un co-promoteur si la r\u00e9alisation du travail le n\u00e9cessite<\/li><\/ul>\n\n\n\n<p class=\"wp-block-paragraph\">Le projet tuteur\u00e9 est soutenu dans les m\u00eames conditions, mais la repr\u00e9sentation de l\u2019entreprise d\u2019accueil n\u2019est pas requise.<\/p>\n\n\n\n<p class=\"wp-block-paragraph\"><strong>Article 68.<\/strong> Les soutenances sont organis\u00e9es au mois de juin. \u00c0 titre exceptionnel, et apr\u00e8s avis de la commission d\u2019\u00e9valuation du d\u00e9partement concern\u00e9, certaines soutenances peuvent avoir lieu en septembre, en session de rattrapage.<\/p>\n\n\n\n<p class=\"wp-block-paragraph\"><strong>Article 69.<\/strong> L\u2019\u00e9tudiant n\u2019ayant pas soutenu son projet dans les d\u00e9lais pourra, \u00e0 sa demande et \u00e0 titre exceptionnel, \u00eatre r\u00e9inscrit apr\u00e8s accord de l\u2019administration du d\u00e9partement, qui pourra exiger un autre sujet.<\/p>\n\n\n\n<h2 class=\"wp-block-heading\" id=\"diplome\">Dipl\u00f4me et majors de promotion<\/h2>\n\n\n\n<p class=\"wp-block-paragraph\"><strong>Article 70.<\/strong> L\u2019obtention du dipl\u00f4me est assujettie \u00e0 la validation de <strong>180 cr\u00e9dits pour la licence<\/strong> et de <strong>120 cr\u00e9dits pour le master<\/strong>.<\/p>\n\n\n\n<p class=\"wp-block-paragraph\"><strong>Article 71.<\/strong> Le major de promotion est d\u00e9clar\u00e9 parmi les \u00e9tudiants ayant suivi un cursus sans doublement ni rattrapage, et n\u2019ayant pas subi de sanctions disciplinaires.<\/p>\n\n\n\n<p class=\"wp-block-paragraph\"><strong>Article 72.<\/strong> Les majors de promotion sont choisis prioritairement parmi les \u00e9tudiants ayant soutenu leur projet de fin d\u2019\u00e9tudes durant la session de juin.<\/p>\n\n\n\n<p class=\"wp-block-paragraph\">Toutefois, en cas d\u2019emp\u00eachement majeur d\u00fbment justifi\u00e9 par la structure de rattachement et apr\u00e8s avis de l\u2019\u00e9quipe de formation, les \u00e9tudiants ayant soutenu durant la seconde session peuvent pr\u00e9tendre au titre de major. <strong>La note finale du cursus est alors minor\u00e9e d\u2019un coefficient \u00e9gal \u00e0 0,2.<\/strong><\/p>\n\n\n\n<h2 class=\"wp-block-heading\" id=\"discipline\">Discipline g\u00e9n\u00e9rale<\/h2>\n\n\n\n<p class=\"wp-block-paragraph\"><strong>Article 73.<\/strong> \u00c0 l\u2019Universit\u00e9 de Boumerd\u00e8s, les r\u00e8gles de discipline g\u00e9n\u00e9rale sont fond\u00e9es sur le respect d\u2019autrui, la courtoisie, la tol\u00e9rance et la sauvegarde des biens et des \u00e9quipements. L\u2019\u00e9tudiant est en outre astreint au respect des r\u00e8gles \u00e9l\u00e9mentaires d\u2019hygi\u00e8ne, de tenue et de comportement.<\/p>\n\n\n\n<p class=\"wp-block-paragraph\"><strong>Article 74.<\/strong> Il est interdit \u00e0 l\u2019\u00e9tudiant de faire entrer des personnes \u00e9trang\u00e8res \u00e0 l\u2019universit\u00e9.<\/p>\n\n\n\n<p class=\"wp-block-paragraph\"><strong>Article 75.<\/strong> Tout \u00e9tudiant est tenu de pr\u00e9senter sa carte d\u2019\u00e9tudiant \u00e0 tout contr\u00f4le des services universitaires.<\/p>\n\n\n\n<p class=\"wp-block-paragraph\"><strong>Article 76.<\/strong> La consommation de tabac est interdite dans les locaux p\u00e9dagogiques et administratifs.<\/p>\n\n\n\n<p class=\"wp-block-paragraph\"><strong>Article 77.<\/strong> L\u2019usage de t\u00e9l\u00e9phones portables est strictement interdit pendant les s\u00e9ances p\u00e9dagogiques et prohib\u00e9 pendant les examens. En dehors, il ne doit en aucun cas g\u00eaner le bon d\u00e9roulement des enseignements ou des examens.<\/p>\n\n\n\n<h3 class=\"wp-block-heading\">Conseil de discipline<\/h3>\n\n\n\n<p class=\"wp-block-paragraph\"><strong>Article 78.<\/strong> Il est institu\u00e9 un conseil de discipline de la facult\u00e9 et un conseil de discipline du d\u00e9partement, pour exercer le pouvoir disciplinaire \u00e0 l\u2019\u00e9gard des \u00e9tudiants :<\/p>\n\n\n\n<ul class=\"wp-block-list\"><li>Le <strong>conseil de d\u00e9partement<\/strong> traite les infractions du premier degr\u00e9. Il est pr\u00e9sid\u00e9 par le chef de d\u00e9partement ou son repr\u00e9sentant.<\/li><li>Le <strong>conseil de facult\u00e9<\/strong> traite les infractions du second degr\u00e9. Il est pr\u00e9sid\u00e9 par le doyen ou son repr\u00e9sentant.<\/li><\/ul>\n\n\n\n<p class=\"wp-block-paragraph\">En cas de non-respect de la r\u00e9glementation en mati\u00e8re de discipline, le vice-recteur charg\u00e9 de la formation sup\u00e9rieure du premier et deuxi\u00e8me cycles saisit la structure p\u00e9dagogique concern\u00e9e pour une seconde d\u00e9lib\u00e9ration.<\/p>\n\n\n\n<p class=\"wp-block-paragraph\"><strong>Article 79.<\/strong> Toute infraction d\u00fbment constat\u00e9e est port\u00e9e par \u00e9crit \u00e0 la connaissance du responsable de la structure p\u00e9dagogique comp\u00e9tente dans les <strong>48 heures<\/strong> qui suivent.<\/p>\n\n\n\n<p class=\"wp-block-paragraph\"><strong>Article 80.<\/strong> Le dossier pr\u00e9sent\u00e9 au conseil de discipline doit comprendre :<\/p>\n\n\n\n<ul class=\"wp-block-list\"><li>La saisine officielle du conseil par le responsable de la structure p\u00e9dagogique comp\u00e9tente<\/li><li>Un rapport d\u00e9taill\u00e9 faisant ressortir l\u2019identit\u00e9 du plaignant, le r\u00e9cit des faits, la description du pr\u00e9judice, les noms des t\u00e9moins \u00e9ventuels, le r\u00e9sum\u00e9 de la situation de l\u2019\u00e9tudiant et tous les \u00e9l\u00e9ments de preuve<\/li><\/ul>\n\n\n\n<p class=\"wp-block-paragraph\"><strong>Article 81.<\/strong> Selon la gravit\u00e9 de l\u2019infraction, des mesures conservatoires peuvent \u00eatre prises par le responsable de la structure p\u00e9dagogique comp\u00e9tente en attendant la tenue du conseil.<\/p>\n\n\n\n<p class=\"wp-block-paragraph\"><strong>Article 82.<\/strong> Les infractions du <strong>premier degr\u00e9<\/strong> sont notamment :<\/p>\n\n\n\n<ul class=\"wp-block-list\"><li>Tentative de fraude ou fraude \u00e9tablie \u00e0 l\u2019examen : passage de brouillons ou de copies, dict\u00e9e, expos\u00e9 visible d\u2019une copie dans l\u2019intention d\u2019aider un camarade<\/li><li>Refus d\u2019obtemp\u00e9rer \u00e0 des directives \u00e9manant du personnel universitaire<\/li><li>Perturbations sonores des enseignements ou des examens : \u00e9clats de voix, sonnerie de portable, musique<\/li><li>Affichage anarchique et non autoris\u00e9 de documents<\/li><\/ul>\n\n\n\n<p class=\"wp-block-paragraph\"><strong>Article 83.<\/strong> Les infractions du <strong>second degr\u00e9<\/strong> sont notamment :<\/p>\n\n\n\n<ul class=\"wp-block-list\"><li>R\u00e9cidive des infractions du premier degr\u00e9<\/li><li>Fraude pr\u00e9m\u00e9dit\u00e9e \u00e9tablie \u00e0 l\u2019examen : brouillons, antis\u00e8che, t\u00e9l\u00e9phone mobile et accessoires, calculatrice programmable, \u00e9quipement \u00e9lectronique<\/li><li>Refus d\u2019obtemp\u00e9rer \u00e0 des directives \u00e9manant du personnel enseignant dans l\u2019exercice de ses fonctions<\/li><li>Refus d\u2019obtemp\u00e9rer \u00e0 un contr\u00f4le r\u00e9glementaire sur le campus<\/li><li>\u00c9cart verbal ou gestuel envers le personnel universitaire ou les \u00e9tudiants<\/li><li>Entrave au bon fonctionnement de l\u2019universit\u00e9 : violence, menace, voies de fait, d\u00e9sordre organis\u00e9<\/li><li>D\u00e9tention de tout moyen aux fins de porter atteinte \u00e0 l\u2019int\u00e9grit\u00e9 physique du personnel ou des \u00e9tudiants<\/li><li>Usurpation d\u2019identit\u00e9, faux et usage de faux, falsification et substitution de documents administratifs<\/li><li>Diffamation \u00e0 l\u2019\u00e9gard du personnel universitaire ou des \u00e9tudiants<\/li><li>Actions d\u00e9lib\u00e9r\u00e9es de perturbation portant atteinte au bon d\u00e9roulement des activit\u00e9s p\u00e9dagogiques : entraves aux enseignements et aux examens, boycott, regroupement perturbateur<\/li><li>Vols, abus de confiance et d\u00e9tournements de biens de l\u2019\u00e9tablissement, des enseignants ou des \u00e9tudiants<\/li><li>D\u00e9t\u00e9rioration d\u00e9lib\u00e9r\u00e9e des biens de l\u2019\u00e9tablissement<\/li><\/ul>\n\n\n\n<p class=\"wp-block-paragraph\"><strong>Article 84.<\/strong> Les infractions mentionn\u00e9es ne sont pas exhaustives. Toute faute jug\u00e9e comme telle par un conseil de discipline est qualifi\u00e9e d\u2019infraction du premier ou du second degr\u00e9 selon sa gravit\u00e9 et ses cons\u00e9quences sur la communaut\u00e9 universitaire. <strong>Le conseil de discipline est juge.<\/strong><\/p>\n\n\n\n<p class=\"wp-block-paragraph\"><strong>Article 85.<\/strong> Les \u00e9tudiants ayant commis une infraction sont convoqu\u00e9s pour \u00eatre entendus par le conseil de discipline du d\u00e9partement.<\/p>\n\n\n\n<p class=\"wp-block-paragraph\"><strong>Article 86.<\/strong> L\u2019\u00e9tudiant en infraction peut faire appel \u00e0 son d\u00e9l\u00e9gu\u00e9 de travaux dirig\u00e9s ou de section, et \u00e0 son enseignant tuteur, pour l\u2019assister.<\/p>\n\n\n\n<p class=\"wp-block-paragraph\"><strong>Article 87.<\/strong> Si l\u2019\u00e9tudiant mis en cause ne r\u00e9pond pas \u00e0 la convocation, la r\u00e9union est report\u00e9e et une seconde convocation lui est adress\u00e9e.<\/p>\n\n\n\n<p class=\"wp-block-paragraph\"><strong>Article 88.<\/strong> Si l\u2019\u00e9tudiant ne se pr\u00e9sente pas suite \u00e0 la seconde convocation, le conseil si\u00e8ge et prononce son verdict.<\/p>\n\n\n\n<p class=\"wp-block-paragraph\"><strong>Article 89.<\/strong> Les sanctions applicables aux infractions du premier degr\u00e9 sont :<\/p>\n\n\n\n<ul class=\"wp-block-list\"><li>L\u2019avertissement verbal<\/li><li>L\u2019avertissement \u00e9crit<\/li><li>Le bl\u00e2me<\/li><li>La note de 00\/20<\/li><\/ul>\n\n\n\n<p class=\"wp-block-paragraph\"><strong>Article 90.<\/strong> Suivant la gravit\u00e9 et la nature des faits, les sanctions applicables aux infractions du second degr\u00e9 sont :<\/p>\n\n\n\n<ul class=\"wp-block-list\"><li>L\u2019exclusion de la mati\u00e8re, sans possibilit\u00e9 de passer toute \u00e9preuve future de la mati\u00e8re en cause<\/li><li>La validation des r\u00e9sultats en cours, \u00e0 l\u2019exception de la mati\u00e8re en cause<\/li><li>La non-validation du semestre, ou \u00e0 d\u00e9faut de toutes les mati\u00e8res auxquelles l\u2019\u00e9tudiant est inscrit<\/li><li>La non-validation de l\u2019ann\u00e9e en cours<\/li><li>L\u2019exclusion du semestre suivant<\/li><li>L\u2019exclusion d\u2019un semestre ou d\u2019une ann\u00e9e au sein de l\u2019\u00e9tablissement<\/li><li>L\u2019exclusion d\u2019un semestre ou d\u2019une ann\u00e9e sur le territoire national<\/li><li>L\u2019exclusion d\u00e9finitive de l\u2019universit\u00e9<\/li><li>L\u2019exclusion d\u00e9finitive de tout \u00e9tablissement sur le territoire national<\/li><\/ul>\n\n\n\n<p class=\"wp-block-paragraph\"><strong>Article 91.<\/strong> La d\u00e9cision du conseil de discipline est notifi\u00e9e \u00e0 l\u2019int\u00e9ress\u00e9.<\/p>\n\n\n\n<p class=\"wp-block-paragraph\"><strong>Article 92.<\/strong> Apr\u00e8s d\u00e9lib\u00e9rations, le pr\u00e9sident du conseil transmet, dans un d\u00e9lai maximal de huit jours, une copie du proc\u00e8s-verbal au vice-recteur charg\u00e9 de la formation sup\u00e9rieure du premier et deuxi\u00e8me cycles, pour suivi.<\/p>\n\n\n\n<p class=\"wp-block-paragraph\"><strong>Article 93.<\/strong> L\u2019\u00e9tudiant dispose d\u2019un droit de recours contre la d\u00e9cision de sanction dans un d\u00e9lai de <strong>huit jours<\/strong> suivant la date de notification.<\/p>\n\n\n\n<p class=\"wp-block-paragraph\"><strong>Article 94.<\/strong> Pass\u00e9 le d\u00e9lai de recours, la d\u00e9cision du conseil de discipline est :<\/p>\n\n\n\n<ul class=\"wp-block-list\"><li>Inscrite immuablement au dossier de l\u2019\u00e9tudiant<\/li><li>Affich\u00e9e dans l\u2019\u00e9tablissement, et communiqu\u00e9e aux autres \u00e9tablissements de l\u2019enseignement sup\u00e9rieur si la sanction est l\u2019exclusion d\u2019au moins un semestre<\/li><\/ul>\n\n\n\n<p class=\"wp-block-paragraph\"><strong>Article 95.<\/strong> L\u2019\u00e9tudiant sanctionn\u00e9 peut adresser un recours gracieux aupr\u00e8s du doyen de la facult\u00e9 dans un d\u00e9lai d\u2019une semaine suivant la date de notification de la d\u00e9cision finale. Il peut aussi saisir par un recours l\u00e9gal l\u2019instance qui a prononc\u00e9 la sanction si des \u00e9l\u00e9ments nouveaux et constitu\u00e9s apparaissent.<\/p>\n\n\n\n<h2 class=\"wp-block-heading\" id=\"final\">Dispositions finales<\/h2>\n\n\n\n<p class=\"wp-block-paragraph\"><strong>Article 96.<\/strong> Nul n\u2019est cens\u00e9 ignorer les clauses du pr\u00e9sent r\u00e8glement int\u00e9rieur des \u00e9tudes.<\/p>\n\n\n\n<p class=\"wp-block-paragraph\"><strong>Article 97.<\/strong> Chaque \u00e9tudiant doit fournir, au moment de son inscription d\u00e9finitive ou de sa r\u00e9inscription, une d\u00e9claration d\u00fbment l\u00e9galis\u00e9e attestant de son adh\u00e9sion sans r\u00e9serve au contenu du pr\u00e9sent r\u00e8glement.<\/p>\n\n\n\n<p class=\"wp-block-paragraph\"><strong>Article 98.<\/strong> Le pr\u00e9sent r\u00e8glement ne peut \u00eatre modifi\u00e9 qu\u2019apr\u00e8s approbation du conseil scientifique de l\u2019universit\u00e9.<\/p>\n\n\n\n<p class=\"wp-block-paragraph\"><strong>Article 99.<\/strong> Le pr\u00e9sent r\u00e8glement prend effet \u00e0 partir de l\u2019ann\u00e9e universitaire 2013-2014. Ses dispositions sont applicables aux \u00e9tudiants inscrits ou r\u00e9inscrits r\u00e9guli\u00e8rement dans les diff\u00e9rents cursus de Licence et de Master.<\/p>","protected":false},"excerpt":{"rendered":"<p>Le pr\u00e9sent r\u00e8glement fixe les r\u00e8gles d\u2019organisation des \u00e9tudes de Licence et de Master \u00e0 l\u2019Universit\u00e9 M\u2019Hamed Bougara de Boumerd\u00e8s. Il compte 99 articles r\u00e9partis en douze chapitres. Entr\u00e9e en vigueur Le r\u00e8glement prend effet \u00e0 partir de l\u2019ann\u00e9e universitaire 2013-2014. Ses dispositions s\u2019appliquent aux \u00e9tudiants inscrits ou r\u00e9inscrits r\u00e9guli\u00e8rement dans les cursus de Licence [&hellip;]<\/p>\n","protected":false},"author":1,"featured_media":0,"parent":27,"menu_order":9,"comment_status":"closed","ping_status":"closed","template":"","meta":{"_acf_changed":false,"footnotes":""},"class_list":["post-440","page","type-page","status-publish","hentry"],"acf":[],"_links":{"self":[{"href":"https:\/\/umbb.univ-boumerdes.dz\/ar\/wp-json\/wp\/v2\/pages\/440","targetHints":{"allow":["GET"]}}],"collection":[{"href":"https:\/\/umbb.univ-boumerdes.dz\/ar\/wp-json\/wp\/v2\/pages"}],"about":[{"href":"https:\/\/umbb.univ-boumerdes.dz\/ar\/wp-json\/wp\/v2\/types\/page"}],"author":[{"embeddable":true,"href":"https:\/\/umbb.univ-boumerdes.dz\/ar\/wp-json\/wp\/v2\/users\/1"}],"replies":[{"embeddable":true,"href":"https:\/\/umbb.univ-boumerdes.dz\/ar\/wp-json\/wp\/v2\/comments?post=440"}],"version-history":[{"count":3,"href":"https:\/\/umbb.univ-boumerdes.dz\/ar\/wp-json\/wp\/v2\/pages\/440\/revisions"}],"predecessor-version":[{"id":444,"href":"https:\/\/umbb.univ-boumerdes.dz\/ar\/wp-json\/wp\/v2\/pages\/440\/revisions\/444"}],"up":[{"embeddable":true,"href":"https:\/\/umbb.univ-boumerdes.dz\/ar\/wp-json\/wp\/v2\/pages\/27"}],"wp:attachment":[{"href":"https:\/\/umbb.univ-boumerdes.dz\/ar\/wp-json\/wp\/v2\/media?parent=440"}],"curies":[{"name":"wp","href":"https:\/\/api.w.org\/{rel}","templated":true}]}}